{"id":4313,"date":"2026-04-30T06:00:00","date_gmt":"2026-04-30T04:00:00","guid":{"rendered":"http:\/\/sp5.pila.pl\/SP5\/?page_id=4313"},"modified":"2026-08-28T21:59:18","modified_gmt":"2026-08-28T19:59:18","slug":"stolowka","status":"publish","type":"page","link":"https:\/\/sp5.pila.pl\/SP5\/stolowka\/","title":{"rendered":"Sto\u0142\u00f3wka szkolna"},"content":{"rendered":"\n<figure class=\"wp-block-image size-large\"><img loading=\"lazy\" decoding=\"async\" width=\"1024\" height=\"707\" src=\"https:\/\/sp5.pila.pl\/SP5\/wp-content\/uploads\/ogloszenie-1024x707.png\" alt=\"\" class=\"wp-image-61586\" srcset=\"https:\/\/sp5.pila.pl\/SP5\/wp-content\/uploads\/ogloszenie-1024x707.png 1024w, https:\/\/sp5.pila.pl\/SP5\/wp-content\/uploads\/ogloszenie-300x207.png 300w, https:\/\/sp5.pila.pl\/SP5\/wp-content\/uploads\/ogloszenie-767x529.png 767w, https:\/\/sp5.pila.pl\/SP5\/wp-content\/uploads\/ogloszenie.png 1358w\" sizes=\"auto, (max-width: 1024px) 100vw, 1024px\" \/><\/figure>\n\n\n\n<h3 class=\"wp-block-heading has-text-align-center alignwide\"><a href=\"https:\/\/sp5.pila.pl\/SP5\/wp-content\/uploads\/Karta-zgloszenia-na-obiady-1.docx\">Karta-zgloszenia-na-obiady<\/a><\/h3>\n\n\n\n<p class=\"has-text-align-center wp-block-paragraph\">&nbsp;<\/p>\n\n\n\n<figure class=\"wp-block-image aligncenter\"><a href=\"https:\/\/sp5.pila.pl\/SP5\/wp-content\/uploads\/jadlospis.png\"><img loading=\"lazy\" decoding=\"async\" width=\"493\" height=\"133\" src=\"https:\/\/sp5.pila.pl\/SP5\/wp-content\/uploads\/jadlospis.png\" alt=\"\" class=\"wp-image-54036\" srcset=\"https:\/\/sp5.pila.pl\/SP5\/wp-content\/uploads\/jadlospis.png 493w, https:\/\/sp5.pila.pl\/SP5\/wp-content\/uploads\/jadlospis-300x81.png 300w\" sizes=\"auto, (max-width: 493px) 100vw, 493px\" \/><\/a><\/figure>\n\n\n\n<h2 class=\"wp-block-heading has-text-align-center\"><span style=\"color: #ff0000;\">wrzesie\u0144 2026<\/span><\/h2>\n\n\n\n<figure class=\"wp-block-table\"><table class=\"has-fixed-layout\"><tbody><tr><td><strong><u>\u015aRODA<\/u><\/strong> <strong><u>02.09.2026<\/u><\/strong><\/td><td><strong>Zupa: pomidorowa n wywarze warzywnym<br>Gulasz z szynki, ziemniaki z koperkiem, buraczki gotowane, woda z cytryn\u0105 i mi\u0119t\u0105, \u015bliwka<\/strong><\/td><td><strong>Alergeny:&nbsp;<br>seler, gluten,<br>nabia\u0142<\/strong><\/td><\/tr><tr><td><strong><u>CZWARTEK<\/u><\/strong> <strong><u>03.09.2026<\/u><\/strong><\/td><td><strong>Zupa: jarzynowa na wywarze warzywnym, pieczywo mieszane<br>Makaron pi\u00f3ra pe\u0142noziarnisty ze szpinakiem<br>i suszonymi pomidorkami z dodatkiem zi\u00f3\u0142 bazylii i oregano, kompot wi\u015bniowy, banan<\/strong><\/td><td><strong>Alergeny:<br>seler, gluten, nabia\u0142<\/strong><\/td><\/tr><tr><td><strong><u>PI\u0104TEK<\/u><\/strong> <strong><u>04.09.2026<\/u><\/strong><\/td><td><strong>Zupa: og\u00f3rkowa na wywarze mi\u0119snym, pieczywo mieszane<br>Paluszki rybne, ziemniaki z koperkiem, sur\u00f3wka z m\u0142odej kapusty, napar z rumianku, jab\u0142ko<\/strong><\/td><td><strong>Alergeny:<br>nabia\u0142, seler, gluten, ryba<\/strong><\/td><\/tr><tr><td><strong><u>PONIEDZIA\u0141EK<\/u><\/strong> <strong><u>07.09.2026<br><br><\/u><\/strong><\/td><td><strong>Zupa: krupnik na wywarze mi\u0119snym,<br>pieczywo mieszane<br>Nale\u015bniki na s\u0142odko z twarogiem i sosem truskawkowym, napar z melisy, kiwi<\/strong><\/td><td><strong>Alergeny:<br>seler, gluten, nabia\u0142, jaja<\/strong><\/td><\/tr><tr><td><strong><u>WTOREK<\/u><\/strong> <strong><u>08.09.2026<br><br><\/u><\/strong> &nbsp;<\/td><td><strong>Zupa: kapu\u015bniak na wywarze mi\u0119snym, pieczywo mieszane<br>Falafel z ciecierzycy w sosie pomidorowym, ziemniaki puree, kalafior na parze z bu\u0142k\u0105 tart\u0105 i mase\u0142kiem, kompot truskawkowy, gruszka<\/strong><\/td><td><strong>Alergeny:<br>nabia\u0142, seler, gluten, jaja<br><br><\/strong><\/td><\/tr><tr><td><strong><u>\u015aRODA<\/u><\/strong> <strong><u>09.09.2026<br><br><\/u><\/strong><\/td><td><strong>Zupa: krem z zielonego groszku z groszkiem ptysiowym na wywarze warzywnym<br>z grzankami graham<br>Filecik drobiowy panierowany, ziemniaki<br>z koperkiem, sur\u00f3wka z marchewki i jab\u0142ka z sokiem z cytryny, kompot malinowy, banan<\/strong><\/td><td><strong>Alergeny:<br>seler, gluten, nabia\u0142, jaja<\/strong><\/td><\/tr><tr><td><strong><u>CZWARTEK<\/u><\/strong> <strong><u>10.09.2026<\/u><\/strong><\/td><td><strong>Zupa: z fasolki szparagowej zielonej i \u017c\u00f3\u0142tej<br>na wywarze warzywnym, pieczywo mieszane<br>Pulpeciki wieprzowe w sosie koperkowym, kasza kus-kus, og\u00f3rek ma\u0142osolny \u0107wiartki,<br>woda z cytryn\u0105 i miodem, \u015bliwka<\/strong><\/td><td><strong>Alergeny:<br>seler, gluten, nabia\u0142, jaja<\/strong><\/td><\/tr><tr><td><strong><u>PI\u0104TEK<\/u><\/strong> <strong><u>11.09.2026<\/u><\/strong><\/td><td><strong>Zupa: owocowa z makaronem<br>Filet z morszczuka z przyprawami, ziemniaki z koperkiem, sur\u00f3wka z kiszonej kapusty, marchewki z natk\u0105 pietruszki,<br>kompot jab\u0142kowy, nektarynka<\/strong><\/td><td><strong>Alergeny:<br>nabia\u0142, ryba, seler, gluten<\/strong><\/td><\/tr><tr><td><strong><u>PONIEDZIA\u0141EK<\/u><\/strong> <strong><u>14.09.2026<\/u><\/strong><\/td><td><strong>Zupa: meksyka\u0144ska na wywarze mi\u0119snym, pieczywo mieszane<br>Pierogi ruskie z okras\u0105 z cebulki,<br>napar z melisy, brzoskwinia<\/strong><\/td><td><strong>Alergeny:<br>nabia\u0142, seler, gluten<\/strong><\/td><\/tr><tr><td><strong><u>WTOREK<\/u><\/strong> <strong><u>15.09.2026<\/u><\/strong><\/td><td><strong>Zupa: neopolita\u0144ska na wywarze mi\u0119snym<br>Pyzy dro\u017cd\u017cowe z sosem jogurtow-truskawkowym, kompot agrestowy, \u015bliwka<\/strong><\/td><td><strong>Alergeny:<br>gluten, seler, nabia\u0142<\/strong><\/td><\/tr><tr><td><strong><u>\u015aRODA<\/u><\/strong> <strong><u>16.09.2026<\/u><\/strong><\/td><td><strong>Zupa: krem z soczewicy z groszkiem ptysiowym na wywarze warzywnym<br>Makaron spaghetti pe\u0142noziarnisty z sosem bolo\u0144skim i parmezanem,<br>kompot wieloowocowy, wafle ry\u017cowy b\/c<\/strong><\/td><td><strong>Alergeny:<br>gluten, seler, nabia\u0142<\/strong><\/td><\/tr><tr><td><strong><u>CZWARTEK<\/u><\/strong> <strong><u>17.09.2026<\/u><\/strong><\/td><td><strong>Zupa: koperkowa z ziemniakami<br>na wywarze warzywnym<br>Udko drobiowe z pieca, ziemniaki z koperkiem, mizeria, kompot truskawkowy,<br>woda mineralna 0,5l<\/strong><\/td><td><strong>Alergeny:&nbsp; nabia\u0142, seler, gluten, jaja<\/strong><\/td><\/tr><tr><td><strong><u>PI\u0104TEK<\/u><\/strong> <strong><u>18.09.2026<\/u><\/strong><\/td><td><strong>Zupa: barszcz czerwony na wywarze mi\u0119snym, pieczywo mieszane<br>Kotlet mielony rybny, ziemniaki z koperkiem, warzywa grillowane mieszane, kompot z czarnej porzeczki, kefir<\/strong><\/td><td><strong>Alergeny:&nbsp; nabia\u0142, seler, gluten, ryba, jaja<\/strong><\/td><\/tr><tr><td><strong><u>PONIEDZIA\u0141EK<\/u><\/strong> <strong><u>21.09.2026<\/u><\/strong><\/td><td><strong>Zupa: kalafiorowa na wywarze mi\u0119snym,<br>pieczywo mieszane<br>Kopytka z kapust\u0105 zasma\u017can\u0105, napar z mi\u0119ty, biszkopty<\/strong><\/td><td><strong>Alergeny:&nbsp; nabia\u0142, seler, gluten<\/strong><\/td><\/tr><tr><td><strong><u>WTOREK<\/u><\/strong> <strong><u>22.09.2026<\/u><\/strong><\/td><td><strong>Zupa: marchewkowa na wywarze warzywnym<br>Pol\u0119dwiczki wieprzowe w sosie, kasza p\u0119czak, sur\u00f3wka z og\u00f3rka kiszonego z cebulk\u0105,<br>kompot wieloowocowy, mieszkanka studencka<\/strong><\/td><td><strong>Alergeny:&nbsp; nabia\u0142, seler, gluten<\/strong><\/td><\/tr><tr><td><strong><u>\u015aRODA<\/u><\/strong> <strong><u>23.09.2026<\/u><\/strong><\/td><td><strong>Zupa: szczawiowa z jakiem na wywarze warzywnym, pieczywo mieszane<br>Kotlecik ziemniaczany z sosem pieczarkowym, buraczki gotowane, kompot \u015bliwkowy, banan<\/strong><\/td><td><strong>Alergeny:&nbsp; nabia\u0142, seler, gluten, jaja<\/strong><\/td><\/tr><tr><td><strong><u>CZWARTEK<br>24.09.2026<\/u><\/strong><\/td><td><strong>Zupa: ros\u00f3\u0142 na wywarze mi\u0119snym<br>Potrawka z kurczaka, ry\u017c basmanti, marchewka z groszkiem, kompot wi\u015bniowy, \u015bliwka<\/strong><\/td><td><strong>Alergeny:&nbsp; nabia\u0142, seler, gluten<\/strong><\/td><\/tr><tr><td><strong><u>PI\u0104TEK<\/u><\/strong> <strong><u>25.09.2026<\/u><\/strong><\/td><td><strong>Zupa: fasolowa na wywarze mi\u0119snym,<br>pieczywo mieszane<br>Filet z sandacza z pieprzem cytrynowym, ziemniaki puree,, sur\u00f3wka z selera z orzechami, kompot rabarbarowy, brzoskiwnia<\/strong><\/td><td><strong>Alergeny:&nbsp; nabia\u0142, seler, gluten, ryba<\/strong><\/td><\/tr><tr><td><strong><u>PONIEDZIA\u0141EK<\/u><\/strong> <strong><u>28.09.2026<\/u><\/strong><\/td><td><strong>Zupa: z soczewicy na wywrze warzywnym<br>Krokiety z kapust\u0105 i grzybami z sosem<br>z boczniak\u00f3w, kompot malinowy, jab\u0142ko<\/strong><\/td><td><strong>Alergeny:&nbsp; nabia\u0142, seler, gluten<\/strong><\/td><\/tr><tr><td><strong><u>WTOREK<\/u><\/strong> <strong><u>29.09.2026<\/u><\/strong><\/td><td><strong>Zupa: krem z bia\u0142ych warzyw na wywarze mi\u0119snym z groszkiem ptysiowym<br>Go\u0142\u0105bki w sosie pomidorowym, ziemniaki puree, herbata melisa, woda mineralna 0,5l<\/strong><\/td><td><strong>Alergeny:&nbsp; nabia\u0142, seler, gluten<\/strong><\/td><\/tr><tr><td><strong><u>\u015aRODA<\/u><\/strong> <strong><u>30.09.2026<\/u><\/strong><\/td><td><strong>Zupa: gulaszowa na wywarze mi\u0119snym, pieczywo mieszane<br>Kotlecik z indyka, ziemniaki z koperkiem, sur\u00f3wka z kapusty peki\u0144skiej, kompot jab\u0142kowy, batonik zbo\u017cowy b\/c<\/strong><\/td><td><strong>Alergeny:&nbsp; nabia\u0142, seler, gluten, jaja<\/strong><\/td><\/tr><\/tbody><\/table><\/figure>\n\n\n\n<p class=\"has-text-align-center wp-block-paragraph\"><\/p>\n\n\n\n<p class=\"has-text-align-center wp-block-paragraph\"><\/p>\n\n\n\n<p class=\"has-text-align-center wp-block-paragraph\"><span style=\"text-align: center;\">Substancje lub produkty powoduj\u0105ce alergie lub reakcje nietolerancji:<\/span><\/p>\n\n\n\n<p class=\"has-text-align-center wp-block-paragraph\">1.Zbo\u017ca zawieraj\u0105ce gluten, tj. pszenica, \u017cyto, j\u0119czmie\u0144, owies, orkisz, kamult<\/p>\n\n\n\n<p class=\"has-text-align-center wp-block-paragraph\">2. Skorupiaki i produkty pochodne<\/p>\n\n\n\n<p class=\"has-text-align-center wp-block-paragraph\">3. Jaja i produkty pochodne<\/p>\n\n\n\n<p class=\"has-text-align-center wp-block-paragraph\">4. Ryby i produkty pochodne<\/p>\n\n\n\n<p class=\"has-text-align-center wp-block-paragraph\">5. Soja i produkty pochodne<\/p>\n\n\n\n<p class=\"has-text-align-center wp-block-paragraph\">6. Mleko i produkty pochodne ( \u0142\u0105cznie z laktoz\u0105 )<\/p>\n\n\n\n<p class=\"has-text-align-center wp-block-paragraph\">7. Orzechy, tj. migda\u0142y, orzechy laskowe, orzechy w\u0142oskie, orzechy nerkowca, orzechy makadamia, orzechy arachidowe, pistacje<\/p>\n\n\n\n<p class=\"has-text-align-center wp-block-paragraph\">8. Seler i produkty pochodne<\/p>\n\n\n\n<p class=\"has-text-align-center wp-block-paragraph\">9. Gorczyca i produkty pochodne<\/p>\n\n\n\n<p class=\"has-text-align-center wp-block-paragraph\">10. Nasiona sezamu i produkty pochodne<\/p>\n\n\n\n<ol class=\"wp-block-list\">\n<li><\/li>\n<\/ol>\n\n\n\n<p class=\"has-text-align-center wp-block-paragraph\"><strong>Za\u0142\u0105cznik nr 1 do Zarz\u0105dzenia nr&nbsp;&nbsp;12 \/2020 <\/strong><\/p>\n\n\n\n<p class=\"has-text-align-center wp-block-paragraph\"><strong>Dyrektora Szko\u0142y Podstawowej nr5 <\/strong><\/p>\n\n\n\n<p class=\"has-text-align-center wp-block-paragraph\"><strong>im. Dzieci Polskich w Pile <\/strong><\/p>\n\n\n\n<p class=\"has-text-align-center wp-block-paragraph\"><strong>z dnia 27 sierpnia 2020<\/strong><\/p>\n\n\n\n<p class=\"has-text-align-center wp-block-paragraph\"><strong>REGULAMIN STO\u0141\u00d3WKI<\/strong><\/p>\n\n\n\n<p class=\"has-text-align-center wp-block-paragraph\"><strong>Szko\u0142y Podstawowej nr 5 <\/strong><\/p>\n\n\n\n<p class=\"has-text-align-center wp-block-paragraph\"><strong>im. Dzieci Polskich w Pile<\/strong><\/p>\n\n\n\n<ol class=\"wp-block-list\">\n<li>Sto\u0142\u00f3wka jest miejscem spo\u017cywania posi\u0142k\u00f3w przygotowanych przez kuchni\u0119 szkoln\u0105&nbsp;&nbsp;dla uczni\u00f3w i pracownik\u00f3w &nbsp;szko\u0142y.<\/li>\n<\/ol>\n\n\n\n<p class=\"has-text-align-center wp-block-paragraph\">2. Obiady wydawane s\u0105 dla:<\/p>\n\n\n\n<p class=\"has-text-align-center wp-block-paragraph\">&#8211; uczni\u00f3w oraz dzieci z oddzia\u0142\u00f3w przedszkolnych wnosz\u0105cych op\u0142aty indywidualne,<\/p>\n\n\n\n<p class=\"has-text-align-center wp-block-paragraph\">&#8211; dla dzieci, kt\u00f3rych do\u017cywianie finansowane jest z MOPS-u,<\/p>\n\n\n\n<p class=\"has-text-align-center wp-block-paragraph\">&#8211; dla pracownik\u00f3w szko\u0142y, kt\u00f3rzy op\u0142acili posi\u0142ek.<\/p>\n\n\n\n<p class=\"has-text-align-center wp-block-paragraph\">3. Posi\u0142ki wydawane s\u0105 w godzinach: w budynku przy Kujawskiej -11.30 \u2013 13<sup>45 <\/sup>, w budynku przy Niepodleg\u0142o\u015bci \u2013 11.30 do 13.15<\/p>\n\n\n\n<p class=\"has-text-align-center wp-block-paragraph\">4. W przypadkach uzasadnionych (wynikaj\u0105cych z organizacji pracy szko\u0142y) pora obiad\u00f3w mo\u017ce ulec zmianie. Korzystaj\u0105cy z obiad\u00f3w b\u0119d\u0105 o tym fakcie poinformowani dzie\u0144 wcze\u015bniej.<\/p>\n\n\n\n<p class=\"has-text-align-center wp-block-paragraph\">5. Podczas wydawania obiad\u00f3w w sto\u0142\u00f3wce mog\u0105 przebywa\u0107 wy\u0142\u0105cznie osoby spo\u017cywaj\u0105ce posi\u0142ek i pracownicy szko\u0142y.<\/p>\n\n\n\n<p class=\"has-text-align-center wp-block-paragraph\">6. Przed okienkiem, w kt\u00f3rym wydaje si\u0119 obiady, obowi\u0105zuje kolejka w jednym szeregu.<\/p>\n\n\n\n<p class=\"has-text-align-center wp-block-paragraph\">7. Podczas spo\u017cywania obiadu nie nale\u017cy prowadzi\u0107 g\u0142o\u015bnych rozm\u00f3w, biega\u0107 po sali, a tak\u017ce prezentowa\u0107 innych niestosownych zachowa\u0144.<\/p>\n\n\n\n<p class=\"has-text-align-center wp-block-paragraph\">8. Obiady w systemie abonamentowym nale\u017cy wykupi\u0107 na okres miesi\u0105ca. Wp\u0142at za obiady nale\u017cy dokonywa\u0107 wy\u0142\u0105cznie drog\u0105 elektroniczn\u0105 na konto bankowe<\/p>\n\n\n\n<p class=\"has-text-align-center wp-block-paragraph\">SZKO\u0141A PODSTAWOWA NR 5 IM. DZIECI POLSKICH,<\/p>\n\n\n\n<p class=\"has-text-align-center wp-block-paragraph\">AL. NIEPODLEG\u0141O\u015aCI 18<\/p>\n\n\n\n<p class=\"has-text-align-center wp-block-paragraph\">64-920 PI\u0141A<\/p>\n\n\n\n<p class=\"has-text-align-center wp-block-paragraph\">NR KONTA SZKO\u0141Y:<\/p>\n\n\n\n<p class=\"has-text-align-center wp-block-paragraph\"><strong>46102038440000180201392224<\/strong><\/p>\n\n\n\n<p class=\"has-text-align-center wp-block-paragraph\">9. Wp\u0142at nale\u017cy dokonywa\u0107 w dniach od 1 do 5 ka\u017cdego miesi\u0105ca. W tytule przelewu powinno znale\u017a\u0107 si\u0119&nbsp; <strong>imi\u0119 i nazwisko dziecka, klasa oraz miesi\u0105c, kt\u00f3rego dotyczy wp\u0142ata <\/strong><\/p>\n\n\n\n<p class=\"has-text-align-center wp-block-paragraph\">NP. JAN KOWALSKI, KLASA II a, OBIADY WRZESIE\u0143 2022<\/p>\n\n\n\n<p class=\"has-text-align-center wp-block-paragraph\">10. Przed wej\u015bciem do sto\u0142\u00f3wki ucze\u0144 podaje nazwisko dy\u017curuj\u0105cemu wychowawcy, kt\u00f3ry zaznacza obecno\u015b\u0107 na li\u015bcie przy nazwisku ucznia.<\/p>\n\n\n\n<p class=\"has-text-align-center wp-block-paragraph\">11. Mo\u017cna zrezygnowa\u0107 z obiadu telefonicznie u intendenta. Rezygnacja na dzie\u0144 bie\u017c\u0105cy musi by\u0107 zg\u0142oszona do godz. 9.00. Zg\u0142oszenia po godz. 9.00 (do 14.00) dotycz\u0105 rezygnacji z kolejnych dni. W przypadku zg\u0142oszonej nieobecno\u015bci (zg\u0142oszenia do godz. 9.00) zwrotowi podlega dzienna stawka \u017cywieniowa za ka\u017cdy dzie\u0144 od dnia, w kt\u00f3rym nast\u0105pi\u0142o zg\u0142oszenie.<\/p>\n\n\n\n<p class=\"has-text-align-center wp-block-paragraph\">12. Odliczenie kwoty zwrotu nast\u0119puje tylko za zg\u0142oszon\u0105 nieobecno\u015b\u0107 z odp\u0142atno\u015bci w nast\u0119pnym miesi\u0105cu. Odliczenie, o kt\u00f3rym mowa nie dotyczy czerwca i grudnia oraz miesi\u0105ca, po kt\u00f3rym nast\u0119puje rezygnacja z posi\u0142k\u00f3w.&nbsp;&nbsp;&nbsp;&nbsp;&nbsp;&nbsp;&nbsp;&nbsp;&nbsp;&nbsp;&nbsp;&nbsp;&nbsp;&nbsp;&nbsp;&nbsp;&nbsp;&nbsp;&nbsp;&nbsp;&nbsp;&nbsp;&nbsp;&nbsp;&nbsp;&nbsp;&nbsp;&nbsp;&nbsp;&nbsp;&nbsp;&nbsp;&nbsp;&nbsp;&nbsp;&nbsp;&nbsp;&nbsp;&nbsp;&nbsp;&nbsp;&nbsp;&nbsp;&nbsp;&nbsp;&nbsp;&nbsp;&nbsp;&nbsp;&nbsp;&nbsp;&nbsp;&nbsp;&nbsp;&nbsp;&nbsp;&nbsp;&nbsp;&nbsp;&nbsp;&nbsp;&nbsp;&nbsp;&nbsp;&nbsp;&nbsp;&nbsp;&nbsp;&nbsp;&nbsp;&nbsp;&nbsp;&nbsp;&nbsp;&nbsp;&nbsp;&nbsp;&nbsp;&nbsp;&nbsp;&nbsp;&nbsp;&nbsp;&nbsp; &nbsp; &nbsp; &nbsp; &nbsp; &nbsp;<\/p>\n\n\n\n<p class=\"has-text-align-center wp-block-paragraph\">13. W razie rezygnacji z ca\u0142omiesi\u0119cznych obiad\u00f3w nale\u017cy powiadomi\u0107 intendenta do ostatniego dnia miesi\u0105ca poprzedzaj\u0105cego rezygnacj\u0119.<\/p>\n\n\n\n<p class=\"has-text-align-center wp-block-paragraph\">14. Dla uczni\u00f3w przebywaj\u0105cych na zwolnieniu lekarskim, kt\u00f3rych finansowane \u017cywienie jest przez MOPS , obiad wydawany jest rodzinie ucznia, kt\u00f3ra ma go dostarczy\u0107 dziecku do domu tylko w wyznaczonej godzinie :<\/p>\n\n\n\n<p class=\"has-text-align-center wp-block-paragraph\">w budynku przy Niepodleg\u0142o\u015bci o godzinie \u201313.15 do 13.30<\/p>\n\n\n\n<p class=\"has-text-align-center wp-block-paragraph\">&nbsp;w budynku przy Kujawskiej o godzinie &#8211; 13.00 do 13.20<\/p>\n\n\n\n<p class=\"has-text-align-center wp-block-paragraph\">15. Ze wzgl\u0119d\u00f3w epidemicznych odbieraj\u0105cy obiad przekazuje pojemniki pracownikowi szko\u0142y w holu szko\u0142y podaj\u0105c nazwisko dziecka i tam czeka na odbi\u00f3r posi\u0142ku.<\/p>\n\n\n\n<p class=\"has-text-align-center wp-block-paragraph\">16. Procedury higieniczne dotycz\u0105ce \u017cywienia i wydawania posi\u0142k\u00f3w zwi\u0105zane z zagro\u017ceniem epidemicznym zawarte s\u0105 w Zasadach Organizacji pacy szko\u0142y i PROCEDURACH BEZPIECZE\u0143STWA W OKRESIE PANDEMII COVID-19<\/p>\n","protected":false},"excerpt":{"rendered":"<p>Karta-zgloszenia-na-obiady &nbsp; wrzesie\u0144 2026 \u015aRODA 02.09.2026 Zupa: pomidorowa n wywarze warzywnymGulasz z szynki, ziemniaki z koperkiem, buraczki gotowane, woda z [&hellip;]<\/p>\n","protected":false},"author":1,"featured_media":0,"parent":0,"menu_order":0,"comment_status":"closed","ping_status":"closed","template":"","meta":{"_editorskit_title_hidden":false,"_editorskit_reading_time":0,"_editorskit_is_block_options_detached":false,"_editorskit_block_options_position":"{}","rop_custom_images_group":[],"rop_custom_messages_group":[],"rop_publish_now":"initial","rop_publish_now_accounts":[],"rop_publish_now_history":[],"rop_publish_now_status":"pending","_uag_custom_page_level_css":"","site-sidebar-layout":"default","site-content-layout":"","ast-site-content-layout":"default","site-content-style":"default","site-sidebar-style":"default","ast-global-header-display":"","ast-banner-title-visibility":"","ast-main-header-display":"","ast-hfb-above-header-display":"","ast-hfb-below-header-display":"","ast-hfb-mobile-header-display":"","site-post-title":"","ast-breadcrumbs-content":"","ast-featured-img":"","footer-sml-layout":"","ast-disable-related-posts":"","theme-transparent-header-meta":"default","adv-header-id-meta":"","stick-header-meta":"","header-above-stick-meta":"","header-main-stick-meta":"","header-below-stick-meta":"","astra-migrate-meta-layouts":"set","ast-page-background-enabled":"default","ast-page-background-meta":{"desktop":{"background-color":"var(--ast-global-color-5)","background-image":"","background-repeat":"repeat","background-position":"center center","background-size":"auto","background-attachment":"scroll","background-type":"","background-media":"","overlay-type":"","overlay-color":"","overlay-opacity":"","overlay-gradient":""},"tablet":{"background-color":"","background-image":"","background-repeat":"repeat","background-position":"center center","background-size":"auto","background-attachment":"scroll","background-type":"","background-media":"","overlay-type":"","overlay-color":"","overlay-opacity":"","overlay-gradient":""},"mobile":{"background-color":"","background-image":"","background-repeat":"repeat","background-position":"center center","background-size":"auto","background-attachment":"scroll","background-type":"","background-media":"","overlay-type":"","overlay-color":"","overlay-opacity":"","overlay-gradient":""}},"ast-content-background-meta":{"desktop":{"background-color":"var(--ast-global-color-4)","background-image":"","background-repeat":"repeat","background-position":"center center","background-size":"auto","background-attachment":"scroll","background-type":"","background-media":"","overlay-type":"","overlay-color":"","overlay-opacity":"","overlay-gradient":""},"tablet":{"background-color":"var(--ast-global-color-4)","background-image":"","background-repeat":"repeat","background-position":"center center","background-size":"auto","background-attachment":"scroll","background-type":"","background-media":"","overlay-type":"","overlay-color":"","overlay-opacity":"","overlay-gradient":""},"mobile":{"background-color":"var(--ast-global-color-4)","background-image":"","background-repeat":"repeat","background-position":"center center","background-size":"auto","background-attachment":"scroll","background-type":"","background-media":"","overlay-type":"","overlay-color":"","overlay-opacity":"","overlay-gradient":""}},"ngg_post_thumbnail":0,"footnotes":""},"class_list":["post-4313","page","type-page","status-publish","hentry"],"uagb_featured_image_src":{"full":false,"thumbnail":false,"medium":false,"medium_large":false,"large":false,"1536x1536":false,"2048x2048":false},"uagb_author_info":{"display_name":"PMT","author_link":"https:\/\/sp5.pila.pl\/SP5\/author\/ludi\/"},"uagb_comment_info":0,"uagb_excerpt":"Karta-zgloszenia-na-obiady &nbsp; wrzesie\u0144 2026 \u015aRODA 02.09.2026 Zupa: pomidorowa n wywarze warzywnymGulasz z szynki, ziemniaki z koperkiem, buraczki gotowane, woda z [&hellip;]","_links":{"self":[{"href":"https:\/\/sp5.pila.pl\/SP5\/wp-json\/wp\/v2\/pages\/4313","targetHints":{"allow":["GET"]}}],"collection":[{"href":"https:\/\/sp5.pila.pl\/SP5\/wp-json\/wp\/v2\/pages"}],"about":[{"href":"https:\/\/sp5.pila.pl\/SP5\/wp-json\/wp\/v2\/types\/page"}],"author":[{"embeddable":true,"href":"https:\/\/sp5.pila.pl\/SP5\/wp-json\/wp\/v2\/users\/1"}],"replies":[{"embeddable":true,"href":"https:\/\/sp5.pila.pl\/SP5\/wp-json\/wp\/v2\/comments?post=4313"}],"version-history":[{"count":302,"href":"https:\/\/sp5.pila.pl\/SP5\/wp-json\/wp\/v2\/pages\/4313\/revisions"}],"predecessor-version":[{"id":61588,"href":"https:\/\/sp5.pila.pl\/SP5\/wp-json\/wp\/v2\/pages\/4313\/revisions\/61588"}],"wp:attachment":[{"href":"https:\/\/sp5.pila.pl\/SP5\/wp-json\/wp\/v2\/media?parent=4313"}],"curies":[{"name":"wp","href":"https:\/\/api.w.org\/{rel}","templated":true}]}}